{"id":102,"date":"2022-03-25T20:51:16","date_gmt":"2022-03-25T19:51:16","guid":{"rendered":"https:\/\/aiim.fr\/?page_id=102"},"modified":"2022-10-30T10:45:19","modified_gmt":"2022-10-30T09:45:19","slug":"evenements-2","status":"publish","type":"page","link":"https:\/\/aiim.fr\/?page_id=102","title":{"rendered":"Historiques &#038; Ev\u00e8nements"},"content":{"rendered":"<ul class=\"wp-block-latest-posts__list is-grid columns-3 has-dates wp-block-latest-posts\"><li><div class=\"wp-block-latest-posts__featured-image\"><a href=\"https:\/\/aiim.fr\/?p=2241\" aria-label=\"Casse des services publics\"><img decoding=\"async\" width=\"106\" height=\"150\" src=\"https:\/\/aiim.fr\/wp-content\/uploads\/2026\/03\/Affiche-Hors-service-pdf-7-pdf-106x150.jpg\" class=\"attachment-thumbnail size-thumbnail wp-post-image\" alt=\"\" style=\"\" \/><\/a><\/div><a class=\"wp-block-latest-posts__post-title\" href=\"https:\/\/aiim.fr\/?p=2241\">Casse des services publics<\/a><time datetime=\"2026-03-21T14:22:53+01:00\" class=\"wp-block-latest-posts__post-date\">21 mars 2026<\/time><\/li>\n<li><div class=\"wp-block-latest-posts__featured-image\"><a href=\"https:\/\/aiim.fr\/?p=2166\" aria-label=\"L&rsquo;\u00e9v\u00e8nement sur les dol\u00e9ances aux Olmes un succ\u00e8s ? oui mais surtout le d\u00e9part d&rsquo;un travail citoyen qui s&rsquo;annonce.\"><img decoding=\"async\" width=\"150\" height=\"150\" src=\"https:\/\/aiim.fr\/wp-content\/uploads\/2026\/02\/Messenger_creation_662C8A14-40BA-4BB6-9CE8-9A808A9BB6EB-150x150.jpeg\" class=\"attachment-thumbnail size-thumbnail wp-post-image\" alt=\"\" style=\"\" \/><\/a><\/div><a class=\"wp-block-latest-posts__post-title\" href=\"https:\/\/aiim.fr\/?p=2166\">L&rsquo;\u00e9v\u00e8nement sur les dol\u00e9ances aux Olmes un succ\u00e8s ? oui mais surtout le d\u00e9part d&rsquo;un travail citoyen qui s&rsquo;annonce.<\/a><time datetime=\"2026-02-11T17:55:35+01:00\" class=\"wp-block-latest-posts__post-date\">11 f\u00e9vrier 2026<\/time><\/li>\n<li><div class=\"wp-block-latest-posts__featured-image\"><a href=\"https:\/\/aiim.fr\/?p=2035\" aria-label=\"Cahiers dol\u00e9ances des 4 vall\u00e9es ( Azergues, Br\u00e9venne, Trambouze , Turdine)\"><img decoding=\"async\" width=\"150\" height=\"150\" src=\"https:\/\/aiim.fr\/wp-content\/uploads\/2025\/12\/image-150x150.jpg\" class=\"attachment-thumbnail size-thumbnail wp-post-image\" alt=\"\" style=\"\" \/><\/a><\/div><a class=\"wp-block-latest-posts__post-title\" href=\"https:\/\/aiim.fr\/?p=2035\">Cahiers dol\u00e9ances des 4 vall\u00e9es ( Azergues, Br\u00e9venne, Trambouze , Turdine)<\/a><time datetime=\"2025-12-16T20:24:36+01:00\" class=\"wp-block-latest-posts__post-date\">16 d\u00e9cembre 2025<\/time><\/li>\n<li><div class=\"wp-block-latest-posts__featured-image\"><a href=\"https:\/\/aiim.fr\/?p=2132\" aria-label=\"Projection du documentaire Les Dol\u00e9ances le 23 mai 2025, d\u00e9bat anim\u00e9 par AIIM\"><img loading=\"lazy\" decoding=\"async\" width=\"150\" height=\"150\" src=\"https:\/\/aiim.fr\/wp-content\/uploads\/2026\/01\/cine-rencontre-23-mai-2025-Les-doleances-2_page-0001-150x150.jpg\" class=\"attachment-thumbnail size-thumbnail wp-post-image\" alt=\"\" style=\"\" \/><\/a><\/div><a class=\"wp-block-latest-posts__post-title\" href=\"https:\/\/aiim.fr\/?p=2132\">Projection du documentaire Les Dol\u00e9ances le 23 mai 2025, d\u00e9bat anim\u00e9 par AIIM<\/a><time datetime=\"2025-05-23T12:29:48+02:00\" class=\"wp-block-latest-posts__post-date\">23 mai 2025<\/time><\/li>\n<li><div class=\"wp-block-latest-posts__featured-image\"><a href=\"https:\/\/aiim.fr\/?p=1817\" aria-label=\"M\u00e9dias de la haine\"><img loading=\"lazy\" decoding=\"async\" width=\"150\" height=\"150\" src=\"https:\/\/aiim.fr\/wp-content\/uploads\/2025\/02\/affiche-version-finale-0001-150x150.jpg\" class=\"attachment-thumbnail size-thumbnail wp-post-image\" alt=\"\" style=\"\" \/><\/a><\/div><a class=\"wp-block-latest-posts__post-title\" href=\"https:\/\/aiim.fr\/?p=1817\">M\u00e9dias de la haine<\/a><time datetime=\"2025-02-08T18:02:04+01:00\" class=\"wp-block-latest-posts__post-date\">8 f\u00e9vrier 2025<\/time><\/li>\n<li><div class=\"wp-block-latest-posts__featured-image\"><a href=\"https:\/\/aiim.fr\/?p=2137\" aria-label=\"Pr\u00e9sentation de l&rsquo;association AIIM au Lyc\u00e9e Notre Dame de Bel Air \u00e0 Tarare le 6 d\u00e9cembre 2024\"><img loading=\"lazy\" decoding=\"async\" width=\"150\" height=\"150\" src=\"https:\/\/aiim.fr\/wp-content\/uploads\/2024\/12\/Rencontre-AIIM-et-BELAIR-150x150.jpg\" class=\"attachment-thumbnail size-thumbnail wp-post-image\" alt=\"\" style=\"\" \/><\/a><\/div><a class=\"wp-block-latest-posts__post-title\" href=\"https:\/\/aiim.fr\/?p=2137\">Pr\u00e9sentation de l&rsquo;association AIIM au Lyc\u00e9e Notre Dame de Bel Air \u00e0 Tarare le 6 d\u00e9cembre 2024<\/a><time datetime=\"2024-12-06T16:50:10+01:00\" class=\"wp-block-latest-posts__post-date\">6 d\u00e9cembre 2024<\/time><\/li>\n<li><div class=\"wp-block-latest-posts__featured-image\"><a href=\"https:\/\/aiim.fr\/?p=1784\" aria-label=\"Conf\u00e9rence sur les cahiers de dol\u00e9ances  le 21 novembre 18h\"><img loading=\"lazy\" decoding=\"async\" width=\"150\" height=\"150\" src=\"https:\/\/aiim.fr\/wp-content\/uploads\/2024\/11\/doleances-2-Copie-150x150.png\" class=\"attachment-thumbnail size-thumbnail wp-post-image\" alt=\"\" style=\"\" \/><\/a><\/div><a class=\"wp-block-latest-posts__post-title\" href=\"https:\/\/aiim.fr\/?p=1784\">Conf\u00e9rence sur les cahiers de dol\u00e9ances  le 21 novembre 18h<\/a><time datetime=\"2024-11-20T13:19:45+01:00\" class=\"wp-block-latest-posts__post-date\">20 novembre 2024<\/time><\/li>\n<li><div class=\"wp-block-latest-posts__featured-image\"><a href=\"https:\/\/aiim.fr\/?p=1667\" aria-label=\"Barnum 4 mai 2024\"><img loading=\"lazy\" decoding=\"async\" width=\"150\" height=\"150\" src=\"https:\/\/aiim.fr\/wp-content\/uploads\/2024\/05\/barnum-4-mai-2024-1-150x150.jpg\" class=\"attachment-thumbnail size-thumbnail wp-post-image\" alt=\"\" style=\"\" \/><\/a><\/div><a class=\"wp-block-latest-posts__post-title\" href=\"https:\/\/aiim.fr\/?p=1667\">Barnum 4 mai 2024<\/a><time datetime=\"2024-05-12T12:57:04+02:00\" class=\"wp-block-latest-posts__post-date\">12 mai 2024<\/time><\/li>\n<li><div class=\"wp-block-latest-posts__featured-image\"><a href=\"https:\/\/aiim.fr\/?p=1655\" aria-label=\"Barnum au march\u00e9 de Tarare le samedi 4 mai\"><img loading=\"lazy\" decoding=\"async\" width=\"150\" height=\"150\" src=\"https:\/\/aiim.fr\/wp-content\/uploads\/2023\/02\/Ensemble_Tonelle-150x150.png\" class=\"attachment-thumbnail size-thumbnail wp-post-image\" alt=\"\" style=\"\" srcset=\"https:\/\/aiim.fr\/wp-content\/uploads\/2023\/02\/Ensemble_Tonelle-150x150.png 150w, https:\/\/aiim.fr\/wp-content\/uploads\/2023\/02\/Ensemble_Tonelle-300x297.png 300w, https:\/\/aiim.fr\/wp-content\/uploads\/2023\/02\/Ensemble_Tonelle.png 800w\" sizes=\"(max-width: 150px) 100vw, 150px\" \/><\/a><\/div><a class=\"wp-block-latest-posts__post-title\" href=\"https:\/\/aiim.fr\/?p=1655\">Barnum au march\u00e9 de Tarare le samedi 4 mai<\/a><time datetime=\"2024-03-28T18:47:47+01:00\" class=\"wp-block-latest-posts__post-date\">28 mars 2024<\/time><\/li>\n<li><div class=\"wp-block-latest-posts__featured-image\"><a href=\"https:\/\/aiim.fr\/?p=1530\" aria-label=\"Aiim s&rsquo;associe \u00e0 cet \u00e9v\u00e8nement du 17 f\u00e9vrier 2024\"><img loading=\"lazy\" decoding=\"async\" width=\"150\" height=\"150\" src=\"https:\/\/aiim.fr\/wp-content\/uploads\/2024\/01\/telechargement-150x150.jpg\" class=\"attachment-thumbnail size-thumbnail wp-post-image\" alt=\"\" style=\"\" \/><\/a><\/div><a class=\"wp-block-latest-posts__post-title\" href=\"https:\/\/aiim.fr\/?p=1530\">Aiim s&rsquo;associe \u00e0 cet \u00e9v\u00e8nement du 17 f\u00e9vrier 2024<\/a><time datetime=\"2024-01-28T12:06:54+01:00\" class=\"wp-block-latest-posts__post-date\">28 janvier 2024<\/time><\/li>\n<li><div class=\"wp-block-latest-posts__featured-image\"><a href=\"https:\/\/aiim.fr\/?p=1488\" aria-label=\"article le progr\u00e8s\"><img loading=\"lazy\" decoding=\"async\" width=\"150\" height=\"150\" src=\"https:\/\/aiim.fr\/wp-content\/uploads\/2023\/11\/article-le-progres-150x150.jpg\" class=\"attachment-thumbnail size-thumbnail wp-post-image\" alt=\"\" style=\"\" \/><\/a><\/div><a class=\"wp-block-latest-posts__post-title\" href=\"https:\/\/aiim.fr\/?p=1488\">article le progr\u00e8s<\/a><time datetime=\"2023-11-10T23:39:14+01:00\" class=\"wp-block-latest-posts__post-date\">10 novembre 2023<\/time><\/li>\n<li><div class=\"wp-block-latest-posts__featured-image\"><a href=\"https:\/\/aiim.fr\/?p=1401\" aria-label=\"17 novembre 2023\"><img loading=\"lazy\" decoding=\"async\" width=\"150\" height=\"150\" src=\"https:\/\/aiim.fr\/wp-content\/uploads\/2023\/10\/Tournee-les-voies-jaunes_tarare-150x150.png\" class=\"attachment-thumbnail size-thumbnail wp-post-image\" alt=\"\" style=\"\" \/><\/a><\/div><a class=\"wp-block-latest-posts__post-title\" href=\"https:\/\/aiim.fr\/?p=1401\">17 novembre 2023<\/a><time datetime=\"2023-10-23T10:22:19+02:00\" class=\"wp-block-latest-posts__post-date\">23 octobre 2023<\/time><\/li>\n<li><div class=\"wp-block-latest-posts__featured-image\"><a href=\"https:\/\/aiim.fr\/?p=1396\" aria-label=\"Forum citoyen 30 septembre 2023\"><img loading=\"lazy\" decoding=\"async\" width=\"150\" height=\"150\" src=\"https:\/\/aiim.fr\/wp-content\/uploads\/2023\/09\/Forum-citoyen-L-Arbresle-2023-Affiche-150x150.png\" class=\"attachment-thumbnail size-thumbnail wp-post-image\" alt=\"\" style=\"\" \/><\/a><\/div><a class=\"wp-block-latest-posts__post-title\" href=\"https:\/\/aiim.fr\/?p=1396\">Forum citoyen 30 septembre 2023<\/a><time datetime=\"2023-09-22T17:08:00+02:00\" class=\"wp-block-latest-posts__post-date\">22 septembre 2023<\/time><\/li>\n<li><div class=\"wp-block-latest-posts__featured-image\"><a href=\"https:\/\/aiim.fr\/?p=1392\" aria-label=\"S\u00e9ance d&rsquo;information \/ Discussion\"><img loading=\"lazy\" decoding=\"async\" width=\"150\" height=\"150\" src=\"https:\/\/aiim.fr\/wp-content\/uploads\/2023\/06\/affiche-definitive-modifiee--150x150.jpg\" class=\"attachment-thumbnail size-thumbnail wp-post-image\" alt=\"\" style=\"\" \/><\/a><\/div><a class=\"wp-block-latest-posts__post-title\" href=\"https:\/\/aiim.fr\/?p=1392\">S\u00e9ance d&rsquo;information \/ Discussion<\/a><time datetime=\"2023-06-04T20:14:08+02:00\" class=\"wp-block-latest-posts__post-date\">4 juin 2023<\/time><\/li>\n<li><div class=\"wp-block-latest-posts__featured-image\"><a href=\"https:\/\/aiim.fr\/?p=1215\" aria-label=\"Barnum Caf\u00e9 du 25 f\u00e9vrier 2023\"><img loading=\"lazy\" decoding=\"async\" width=\"150\" height=\"150\" src=\"https:\/\/aiim.fr\/wp-content\/uploads\/2023\/03\/barnum-5-150x150.jpg\" class=\"attachment-thumbnail size-thumbnail wp-post-image\" alt=\"\" style=\"\" \/><\/a><\/div><a class=\"wp-block-latest-posts__post-title\" href=\"https:\/\/aiim.fr\/?p=1215\">Barnum Caf\u00e9 du 25 f\u00e9vrier 2023<\/a><time datetime=\"2023-03-07T11:10:25+01:00\" class=\"wp-block-latest-posts__post-date\">7 mars 2023<\/time><\/li>\n<li><div class=\"wp-block-latest-posts__featured-image\"><a href=\"https:\/\/aiim.fr\/?p=1203\" aria-label=\"Barnum caf\u00e9 le samedi 25 f\u00e9vrier \u00e0 partir de 10HOO\"><img loading=\"lazy\" decoding=\"async\" width=\"150\" height=\"150\" src=\"https:\/\/aiim.fr\/wp-content\/uploads\/2023\/02\/Ensemble_Tonelle-150x150.png\" class=\"attachment-thumbnail size-thumbnail wp-post-image\" alt=\"\" style=\"\" srcset=\"https:\/\/aiim.fr\/wp-content\/uploads\/2023\/02\/Ensemble_Tonelle-150x150.png 150w, https:\/\/aiim.fr\/wp-content\/uploads\/2023\/02\/Ensemble_Tonelle-300x297.png 300w, https:\/\/aiim.fr\/wp-content\/uploads\/2023\/02\/Ensemble_Tonelle.png 800w\" sizes=\"(max-width: 150px) 100vw, 150px\" \/><\/a><\/div><a class=\"wp-block-latest-posts__post-title\" href=\"https:\/\/aiim.fr\/?p=1203\">Barnum caf\u00e9 le samedi 25 f\u00e9vrier \u00e0 partir de 10HOO<\/a><time datetime=\"2023-02-23T19:57:40+01:00\" class=\"wp-block-latest-posts__post-date\">23 f\u00e9vrier 2023<\/time><\/li>\n<li><div class=\"wp-block-latest-posts__featured-image\"><a href=\"https:\/\/aiim.fr\/?p=1098\" aria-label=\"Forum citoyens du 3 d\u00e9cembre 2022\"><img loading=\"lazy\" decoding=\"async\" width=\"150\" height=\"150\" src=\"https:\/\/aiim.fr\/wp-content\/uploads\/2023\/01\/Stand-AIIM-Forum-citoyen-150x150.jpg\" class=\"attachment-thumbnail size-thumbnail wp-post-image\" alt=\"\" style=\"\" \/><\/a><\/div><a class=\"wp-block-latest-posts__post-title\" href=\"https:\/\/aiim.fr\/?p=1098\">Forum citoyens du 3 d\u00e9cembre 2022<\/a><time datetime=\"2023-01-07T20:23:06+01:00\" class=\"wp-block-latest-posts__post-date\">7 janvier 2023<\/time><\/li>\n<li><div class=\"wp-block-latest-posts__featured-image\"><a href=\"https:\/\/aiim.fr\/?p=622\" aria-label=\"l\u00e9gislatives 2022\"><img loading=\"lazy\" decoding=\"async\" width=\"150\" height=\"150\" src=\"https:\/\/aiim.fr\/wp-content\/uploads\/2022\/07\/photo-legislatives-barnum-11-juin-2022-six-1-150x150.jpg\" class=\"attachment-thumbnail size-thumbnail wp-post-image\" alt=\"L\u00e9gislatives 2022 premier tour\" style=\"\" \/><\/a><\/div><a class=\"wp-block-latest-posts__post-title\" href=\"https:\/\/aiim.fr\/?p=622\">l\u00e9gislatives 2022<\/a><time datetime=\"2022-07-18T20:56:45+02:00\" class=\"wp-block-latest-posts__post-date\">18 juillet 2022<\/time><\/li>\n<li><div class=\"wp-block-latest-posts__featured-image\"><a href=\"https:\/\/aiim.fr\/?p=482\" aria-label=\"ARTICLE DU PAYS (\u00e9v\u00e9nement du 16 &#038; 17 avril 2022)\"><img loading=\"lazy\" decoding=\"async\" width=\"150\" height=\"150\" src=\"https:\/\/aiim.fr\/wp-content\/uploads\/2022\/04\/article-le-patriote-jpeg-150x150.jpg\" class=\"attachment-thumbnail size-thumbnail wp-post-image\" alt=\"\" style=\"\" \/><\/a><\/div><a class=\"wp-block-latest-posts__post-title\" href=\"https:\/\/aiim.fr\/?p=482\">ARTICLE DU PAYS (\u00e9v\u00e9nement du 16 &#038; 17 avril 2022)<\/a><time datetime=\"2022-04-28T11:04:27+02:00\" class=\"wp-block-latest-posts__post-date\">28 avril 2022<\/time><\/li>\n<li><div class=\"wp-block-latest-posts__featured-image\"><a href=\"https:\/\/aiim.fr\/?p=462\" aria-label=\"L&rsquo;ENTRE DEUX TOURS : le R\u00e9f\u00e9rendum d&rsquo;Initiative Citoyenne\"><img loading=\"lazy\" decoding=\"async\" width=\"150\" height=\"150\" src=\"https:\/\/aiim.fr\/wp-content\/uploads\/2022\/04\/evenement-du-16-avril-les-olmes-2022-RIC-150x150.jpg\" class=\"attachment-thumbnail size-thumbnail wp-post-image\" alt=\"RIC\" style=\"\" \/><\/a><\/div><a class=\"wp-block-latest-posts__post-title\" href=\"https:\/\/aiim.fr\/?p=462\">L&rsquo;ENTRE DEUX TOURS : le R\u00e9f\u00e9rendum d&rsquo;Initiative Citoyenne<\/a><time datetime=\"2022-04-23T16:46:40+02:00\" class=\"wp-block-latest-posts__post-date\">23 avril 2022<\/time><\/li>\n<li><div class=\"wp-block-latest-posts__featured-image\"><a href=\"https:\/\/aiim.fr\/?p=985\" aria-label=\"PRESIDENTIELLES 2022 16 et 17 avril 2022\"><img loading=\"lazy\" decoding=\"async\" width=\"106\" height=\"150\" src=\"https:\/\/aiim.fr\/wp-content\/uploads\/2022\/10\/tract-vote-RIC-pre\u0301sidentielle-16-et-17-avril-2022-3-pdf-106x150.jpg\" class=\"attachment-thumbnail size-thumbnail wp-post-image\" alt=\"\" style=\"\" \/><\/a><\/div><a class=\"wp-block-latest-posts__post-title\" href=\"https:\/\/aiim.fr\/?p=985\">PRESIDENTIELLES 2022 16 et 17 avril 2022<\/a><time datetime=\"2022-04-16T20:06:17+02:00\" class=\"wp-block-latest-posts__post-date\">16 avril 2022<\/time><\/li>\n<li><div class=\"wp-block-latest-posts__featured-image\"><a href=\"https:\/\/aiim.fr\/?p=204\" aria-label=\"Pr\u00e9sidentielles 2022\"><img loading=\"lazy\" decoding=\"async\" width=\"150\" height=\"150\" src=\"https:\/\/aiim.fr\/wp-content\/uploads\/2022\/04\/Entre-deux-tours-150x150.jpg\" class=\"attachment-thumbnail size-thumbnail wp-post-image\" alt=\"Entre deux tours\" style=\"\" \/><\/a><\/div><a class=\"wp-block-latest-posts__post-title\" href=\"https:\/\/aiim.fr\/?p=204\">Pr\u00e9sidentielles 2022<\/a><time datetime=\"2022-03-28T19:01:52+02:00\" class=\"wp-block-latest-posts__post-date\">28 mars 2022<\/time><\/li>\n<li><div class=\"wp-block-latest-posts__featured-image\"><a href=\"https:\/\/aiim.fr\/?p=976\" aria-label=\"\u00c9TAT D&rsquo;URGENCE \u00c9LECTORAL 5 mars 2022\"><img loading=\"lazy\" decoding=\"async\" width=\"150\" height=\"150\" src=\"https:\/\/aiim.fr\/wp-content\/uploads\/2022\/11\/e\u0301tat-durgence-e\u0301lectoral-150x150.jpg\" class=\"attachment-thumbnail size-thumbnail wp-post-image\" alt=\"\" style=\"\" \/><\/a><\/div><a class=\"wp-block-latest-posts__post-title\" href=\"https:\/\/aiim.fr\/?p=976\">\u00c9TAT D&rsquo;URGENCE \u00c9LECTORAL 5 mars 2022<\/a><time datetime=\"2022-03-05T20:01:45+01:00\" class=\"wp-block-latest-posts__post-date\">5 mars 2022<\/time><\/li>\n<li><div class=\"wp-block-latest-posts__featured-image\"><a href=\"https:\/\/aiim.fr\/?p=476\" aria-label=\"ETAT D&rsquo;URGENCE ELECTORAL : discussions\/\u00e9changes\"><img loading=\"lazy\" decoding=\"async\" width=\"150\" height=\"150\" src=\"https:\/\/aiim.fr\/wp-content\/uploads\/2022\/04\/image-aiim-5-mars-150x150.jpg\" class=\"attachment-thumbnail size-thumbnail wp-post-image\" alt=\"\" style=\"\" \/><\/a><\/div><a class=\"wp-block-latest-posts__post-title\" href=\"https:\/\/aiim.fr\/?p=476\">ETAT D&rsquo;URGENCE ELECTORAL : discussions\/\u00e9changes<\/a><time datetime=\"2022-03-05T18:23:00+01:00\" class=\"wp-block-latest-posts__post-date\">5 mars 2022<\/time><\/li>\n<li><div class=\"wp-block-latest-posts__featured-image\"><a href=\"https:\/\/aiim.fr\/?p=941\" aria-label=\"GESTION DE LA CRISE SANITAIRE 27 f\u00e9vrier 2021\"><img loading=\"lazy\" decoding=\"async\" width=\"150\" height=\"150\" src=\"https:\/\/aiim.fr\/wp-content\/uploads\/2022\/10\/image-150x150.png\" class=\"attachment-thumbnail size-thumbnail wp-post-image\" alt=\"\" style=\"\" \/><\/a><\/div><a class=\"wp-block-latest-posts__post-title\" href=\"https:\/\/aiim.fr\/?p=941\">GESTION DE LA CRISE SANITAIRE 27 f\u00e9vrier 2021<\/a><time datetime=\"2021-02-27T18:40:59+01:00\" class=\"wp-block-latest-posts__post-date\">27 f\u00e9vrier 2021<\/time><\/li>\n<li><div class=\"wp-block-latest-posts__featured-image\"><a href=\"https:\/\/aiim.fr\/?p=952\" aria-label=\"L&rsquo;ARGENT, LE POUVOIR MON\u00c9TAIRE, LA DETTE PUBLIQUE\"><img loading=\"lazy\" decoding=\"async\" width=\"150\" height=\"150\" src=\"https:\/\/aiim.fr\/wp-content\/uploads\/2022\/10\/La-constitution-largent-le-pouvoir-mone\u0301taire-la-dette-publique-27-juin-2019-150x150.jpg\" class=\"attachment-thumbnail size-thumbnail wp-post-image\" alt=\"\" style=\"\" \/><\/a><\/div><a class=\"wp-block-latest-posts__post-title\" href=\"https:\/\/aiim.fr\/?p=952\">L&rsquo;ARGENT, LE POUVOIR MON\u00c9TAIRE, LA DETTE PUBLIQUE<\/a><time datetime=\"2020-06-27T19:22:29+02:00\" class=\"wp-block-latest-posts__post-date\">27 juin 2020<\/time><\/li>\n<li><div class=\"wp-block-latest-posts__featured-image\"><a href=\"https:\/\/aiim.fr\/?p=973\" aria-label=\"RIC LOCAL 16 f\u00e9vrier 2020\"><img loading=\"lazy\" decoding=\"async\" width=\"150\" height=\"150\" src=\"https:\/\/aiim.fr\/wp-content\/uploads\/2022\/10\/Aux-urnes-citoyens-1-150x150.jpg\" class=\"attachment-thumbnail size-thumbnail wp-post-image\" alt=\"\" style=\"\" \/><\/a><\/div><a class=\"wp-block-latest-posts__post-title\" href=\"https:\/\/aiim.fr\/?p=973\">RIC LOCAL 16 f\u00e9vrier 2020<\/a><time datetime=\"2020-02-16T19:52:39+01:00\" class=\"wp-block-latest-posts__post-date\">16 f\u00e9vrier 2020<\/time><\/li>\n<li><div class=\"wp-block-latest-posts__featured-image\"><a href=\"https:\/\/aiim.fr\/?p=957\" aria-label=\"RIC LOCAL 13 d\u00e9cembre 2019\"><img loading=\"lazy\" decoding=\"async\" width=\"150\" height=\"150\" src=\"https:\/\/aiim.fr\/wp-content\/uploads\/2022\/10\/RIC-local-13-12-2019-1-150x150.png\" class=\"attachment-thumbnail size-thumbnail wp-post-image\" alt=\"\" style=\"\" \/><\/a><\/div><a class=\"wp-block-latest-posts__post-title\" href=\"https:\/\/aiim.fr\/?p=957\">RIC LOCAL 13 d\u00e9cembre 2019<\/a><time datetime=\"2019-12-13T19:27:31+01:00\" class=\"wp-block-latest-posts__post-date\">13 d\u00e9cembre 2019<\/time><\/li>\n<li><div class=\"wp-block-latest-posts__featured-image\"><a href=\"https:\/\/aiim.fr\/?p=968\" aria-label=\"REFERENDUM LOCAL ATELIER 29 novembre 2019\"><img loading=\"lazy\" decoding=\"async\" width=\"150\" height=\"150\" src=\"https:\/\/aiim.fr\/wp-content\/uploads\/2022\/10\/RIC-local-1-150x150.jpg\" class=\"attachment-thumbnail size-thumbnail wp-post-image\" alt=\"\" style=\"\" \/><\/a><\/div><a class=\"wp-block-latest-posts__post-title\" href=\"https:\/\/aiim.fr\/?p=968\">REFERENDUM LOCAL ATELIER 29 novembre 2019<\/a><time datetime=\"2019-11-29T19:50:38+01:00\" class=\"wp-block-latest-posts__post-date\">29 novembre 2019<\/time><\/li>\n<li><div class=\"wp-block-latest-posts__featured-image\"><a href=\"https:\/\/aiim.fr\/?p=960\" aria-label=\"UN REFERENDUM LOCAL, POUR QUOI FAIRE? 8 novembre 2019\"><img loading=\"lazy\" decoding=\"async\" width=\"106\" height=\"150\" src=\"https:\/\/aiim.fr\/wp-content\/uploads\/2022\/10\/Pre\u0301sentation-du-RIC-8-11-2019-1-pdf-106x150.jpg\" class=\"attachment-thumbnail size-thumbnail wp-post-image\" alt=\"\" style=\"\" \/><\/a><\/div><a class=\"wp-block-latest-posts__post-title\" href=\"https:\/\/aiim.fr\/?p=960\">UN REFERENDUM LOCAL, POUR QUOI FAIRE? 8 novembre 2019<\/a><time datetime=\"2019-11-08T19:45:36+01:00\" class=\"wp-block-latest-posts__post-date\">8 novembre 2019<\/time><\/li>\n<li><div class=\"wp-block-latest-posts__featured-image\"><a href=\"https:\/\/aiim.fr\/?p=1\" aria-label=\"L\u2019A2IM DANS LA MATINALE DE RADIO CALADE.\"><img loading=\"lazy\" decoding=\"async\" width=\"150\" height=\"150\" src=\"https:\/\/aiim.fr\/wp-content\/uploads\/2022\/04\/photo-radio-calade-2019-150x150.jpg\" class=\"attachment-thumbnail size-thumbnail wp-post-image\" alt=\"\" style=\"\" \/><\/a><\/div><a class=\"wp-block-latest-posts__post-title\" href=\"https:\/\/aiim.fr\/?p=1\">L\u2019A2IM DANS LA MATINALE DE RADIO CALADE.<\/a><time datetime=\"2019-11-04T10:00:13+01:00\" class=\"wp-block-latest-posts__post-date\">4 novembre 2019<\/time><\/li>\n<li><div class=\"wp-block-latest-posts__featured-image\"><a href=\"https:\/\/aiim.fr\/?p=842\" aria-label=\"Lettre d&rsquo;information\"><img loading=\"lazy\" decoding=\"async\" width=\"150\" height=\"150\" src=\"https:\/\/aiim.fr\/wp-content\/uploads\/2019\/11\/Sommes-nous-en-democratie-150x150.png\" class=\"attachment-thumbnail size-thumbnail wp-post-image\" alt=\"\" style=\"\" \/><\/a><\/div><a class=\"wp-block-latest-posts__post-title\" href=\"https:\/\/aiim.fr\/?p=842\">Lettre d&rsquo;information<\/a><time datetime=\"2019-11-01T18:00:00+01:00\" class=\"wp-block-latest-posts__post-date\">1 novembre 2019<\/time><\/li>\n<li><div class=\"wp-block-latest-posts__featured-image\"><a href=\"https:\/\/aiim.fr\/?p=944\" aria-label=\"SOMMES-NOUS EN DEMOCRATIE s\u00e9ance du 11 octobre 2019\"><img loading=\"lazy\" decoding=\"async\" width=\"150\" height=\"150\" src=\"https:\/\/aiim.fr\/wp-content\/uploads\/2019\/11\/Sommes-nous-en-democratie-150x150.png\" class=\"attachment-thumbnail size-thumbnail wp-post-image\" alt=\"\" style=\"\" \/><\/a><\/div><a class=\"wp-block-latest-posts__post-title\" href=\"https:\/\/aiim.fr\/?p=944\">SOMMES-NOUS EN DEMOCRATIE s\u00e9ance du 11 octobre 2019<\/a><time datetime=\"2019-10-11T18:54:14+02:00\" class=\"wp-block-latest-posts__post-date\">11 octobre 2019<\/time><\/li>\n<\/ul><div class='watch-action'><div class='watch-position align-left'><div class='action-like'><a class='lbg-style1 like-102 jlk' href='javascript:void(0)' data-task='like' data-post_id='102' data-nonce='108cd7fbc2' rel='nofollow'><img class='wti-pixel' src='https:\/\/aiim.fr\/wp-content\/plugins\/wti-like-post\/images\/pixel.gif' title='J&#039;aime ' \/><span class='lc-102 lc'>0<\/span><\/a><\/div><div class='action-unlike'><a class='unlbg-style1 unlike-102 jlk' href='javascript:void(0)' data-task='unlike' data-post_id='102' data-nonce='108cd7fbc2' rel='nofollow'><img class='wti-pixel' src='https:\/\/aiim.fr\/wp-content\/plugins\/wti-like-post\/images\/pixel.gif' title=' J&#039;aime pas' \/><span class='unlc-102 unlc'>0<\/span><\/a><\/div> <\/div> <div class='status-102 status align-left'><\/div><\/div><div class='wti-clear'><\/div>","protected":false},"excerpt":{"rendered":"<p>0 0<\/p>\n","protected":false},"author":1,"featured_media":0,"parent":0,"menu_order":0,"comment_status":"closed","ping_status":"closed","template":"","meta":{"footnotes":""},"class_list":["post-102","page","type-page","status-publish","hentry"],"jetpack_sharing_enabled":true,"_links":{"self":[{"href":"https:\/\/aiim.fr\/index.php?rest_route=\/wp\/v2\/pages\/102","targetHints":{"allow":["GET"]}}],"collection":[{"href":"https:\/\/aiim.fr\/index.php?rest_route=\/wp\/v2\/pages"}],"about":[{"href":"https:\/\/aiim.fr\/index.php?rest_route=\/wp\/v2\/types\/page"}],"author":[{"embeddable":true,"href":"https:\/\/aiim.fr\/index.php?rest_route=\/wp\/v2\/users\/1"}],"replies":[{"embeddable":true,"href":"https:\/\/aiim.fr\/index.php?rest_route=%2Fwp%2Fv2%2Fcomments&post=102"}],"version-history":[{"count":8,"href":"https:\/\/aiim.fr\/index.php?rest_route=\/wp\/v2\/pages\/102\/revisions"}],"predecessor-version":[{"id":1058,"href":"https:\/\/aiim.fr\/index.php?rest_route=\/wp\/v2\/pages\/102\/revisions\/1058"}],"wp:attachment":[{"href":"https:\/\/aiim.fr\/index.php?rest_route=%2Fwp%2Fv2%2Fmedia&parent=102"}],"curies":[{"name":"wp","href":"https:\/\/api.w.org\/{rel}","templated":true}]}}