{"id":106,"date":"2022-03-25T20:51:49","date_gmt":"2022-03-25T19:51:49","guid":{"rendered":"https:\/\/aiim.fr\/?page_id=106"},"modified":"2025-12-20T13:58:21","modified_gmt":"2025-12-20T12:58:21","slug":"status","status":"publish","type":"page","link":"https:\/\/aiim.fr\/?page_id=106","title":{"rendered":"STATUTS CHARTES ADHESIONS"},"content":{"rendered":"\t\t<div data-elementor-type=\"wp-page\" data-elementor-id=\"106\" class=\"elementor elementor-106\">\n\t\t\t\t\t\t<section class=\"elementor-section elementor-top-section elementor-element elementor-element-6d2d05b3 elementor-section-boxed elementor-section-height-default elementor-section-height-default\" data-id=\"6d2d05b3\" data-element_type=\"section\" data-e-type=\"section\">\n\t\t\t\t\t\t<div class=\"elementor-container elementor-column-gap-default\">\n\t\t\t\t\t<div class=\"elementor-column elementor-col-100 elementor-top-column elementor-element elementor-element-3aec707c\" data-id=\"3aec707c\" data-element_type=\"column\" data-e-type=\"column\">\n\t\t\t<div class=\"elementor-widget-wrap elementor-element-populated\">\n\t\t\t\t\t\t<div class=\"elementor-element elementor-element-3b0575db elementor-widget elementor-widget-text-editor\" data-id=\"3b0575db\" data-element_type=\"widget\" data-e-type=\"widget\" data-widget_type=\"text-editor.default\">\n\t\t\t\t<div class=\"elementor-widget-container\">\n\t\t\t\t\t\t\t\t\t\n<p style=\"font-size: 20px;\">Cliquez sur le dossier pour t\u00e9l\u00e9charger le bulletin d&rsquo;adh\u00e9sion 2026.<\/p>\n\n<div class=\"wp-block-file\"><a href=\"https:\/\/aiim.fr\/wp-content\/uploads\/2025\/12\/bulletin-adhesion-aiim-2026.docx\">bulletin adh\u00e9sion aiim\u00a0 \u00a02026\u00a0 \u00a0 \u00a0T\u00e9l\u00e9charger<\/a><\/div>\n<hr class=\"wp-block-separator has-css-opacity\" \/>\n<h2 class=\"wp-block-heading\"><a href=\"https:\/\/aiim.fr\/?page_id=710\">Status de l&rsquo;association<\/a><\/h2>\n\n<h2 class=\"wp-block-heading has-text-align-center\"><strong>Chartes de l&rsquo;association AIIM <\/strong><\/h2>\n\n<h3 class=\"wp-block-heading\"><strong>Pr\u00e9ambule :<\/strong><\/h3>\n\n<p style=\"font-size: 20px;\"><br \/>\u00abTout individu a droit \u00e0 la libert\u00e9 d&rsquo;opinion et d&rsquo;expression, ce qui implique le droit de ne pas \u00eatre inqui\u00e9t\u00e9 pour ses opinions et celui de chercher, de recevoir et de r\u00e9pandre, sans consid\u00e9ration de fronti\u00e8re, les informations et les id\u00e9es par quelque moyen d&rsquo;expression que ce soit. \u00bb<br \/>(Article 19 &#8211; D\u00e9claration Universelle des droits de l&rsquo;homme, adopt\u00e9e par l&rsquo;Assembl\u00e9e g\u00e9n\u00e9rale de l&rsquo;ONU \u00e0 Paris, le 10 d\u00e9cembre 1948.)<\/p>\n\n<h3 class=\"wp-block-heading\"><strong>Motivations :<\/strong><\/h3>\n\n<div class=\"wp-block-group\"><div class=\"wp-block-group__inner-container is-layout-flow wp-block-group-is-layout-flow\">\n<p style=\"font-size: 20px;\">La libert\u00e9 d\u2019acc\u00e8s \u00e0 l\u2019information, comprenant le droit d\u2019acc\u00e8s \u00e0 l\u2019information d\u00e9tenue par les organismes publics, et qui est une libert\u00e9 inh\u00e9rente au droit fondamental \u00e0 la libert\u00e9 d\u2019expression, est actuellement tr\u00e8s d\u00e9grad\u00e9e. Par l\u00e0-m\u00eame, c&rsquo;est d\u00e9j\u00e0 tout notre syst\u00e8me d\u00e9mocratique qui est mis en p\u00e9ril. Mais ce ph\u00e9nom\u00e8ne n&rsquo;est pas isol\u00e9, qui s&rsquo;inscrit dans l&rsquo;\u00e9volution de notre soci\u00e9t\u00e9 o\u00f9 le bien commun, qui \u00e9tait au c\u0153ur de celle-ci, est soumis \u00e0 la concurrence, et o\u00f9 les valeurs qui l&rsquo;ont institu\u00e9 tendent \u00e0 dispara\u00eetre. Au terme de ces derni\u00e8res d\u00e9cades, les atteintes r\u00e9p\u00e9t\u00e9es \u00e0 cette libert\u00e9 sont venues \u00e0 un point de gravit\u00e9 tel que peu de choses les s\u00e9parent \u00e0 pr\u00e9sent de l&rsquo;arsenal complet en ce domaine d&rsquo;un r\u00e9gime totalitaire\u00a0:<\/p>\n\n<ul class=\"wp-block-list\" style=\"font-size: 20px;\">\n<li>d\u00e9mant\u00e8lement programm\u00e9 de l\u2019audiovisuel public, soumis aux coupes budg\u00e9taires ann\u00e9e apr\u00e8s ann\u00e9e et aux imp\u00e9ratifs de rentabilit\u00e9 assortis de plans de suppression d\u2019emploi,<\/li>\n\n<li>d\u00e9gradation g\u00e9n\u00e9rale des conditions de travail des journalistes,<\/li>\n\n<li>tentatives de r\u00e9gulation, c&rsquo;est \u00e0 dire de contr\u00f4le, de la presse par le gouvernement (volont\u00e9 de cr\u00e9ation d&rsquo;un ordre des journalistes, instauration de lois liberticides (loi sur les secrets des affaires et sur les \u00ab\u00a0fake news\u00a0\u00bb)),<\/li>\n\n<li>man\u0153uvres d&rsquo;intimidation par des convocations de journalistes \u00e0 la DGSI,<\/li>\n\n<li>entraves administratives (gardes \u00e0 vue, perquisitions, mises en examen\u2026) et menace de poursuites judiciaires pesant sur le journalisme d&rsquo;investigation,<\/li>\n\n<li>violences et intimidations par les forces de l\u2019ordre visant les photojournalistes (un nombre record ont \u00e9t\u00e9 bless\u00e9s depuis le d\u00e9but du mouvement des Gilets jaunes),<\/li>\n\n<li>tentatives de violation du \u00ab secret professionnel \u00bb, autrement nomm\u00e9 protection des sources,<\/li>\n\n<li>r\u00e9pression polici\u00e8re syst\u00e9matique et violente de manifestations, arrestations arbitraires,<\/li>\n\n<li>entraves \u00e0 l\u2019exercice de la libert\u00e9 d\u2019expression, de r\u00e9union ou de manifestation,<\/li>\n\n<li>fait du prince dans le mode de d\u00e9signation des responsables de l\u2019audiovisuel public,<\/li>\n\n<li>hyper-concentration de la presse, devenue un oligopole de fait (95 % de la production journalistique sont actuellement contr\u00f4l\u00e9s par dix milliardaires comprenant les 5 plus grosses fortunes de France),<\/li>\n\n<li>filtrage de l&rsquo;information, partis pris et manipulation politique qui en d\u00e9coulent\u2026<\/li>\n<\/ul>\n<\/div><\/div>\n\n<h3 class=\"wp-block-heading\"><strong>Cons\u00e9quences\u00a0:<\/strong><\/h3>\n\n<ul class=\"wp-block-list\" style=\"font-size: 20px;\">\n<li>d\u00e9clin du pluralisme<\/li>\n\n<li>marchandisation croissante de la culture et de la communication \u2013 h\u00e9g\u00e9monie de la logique commerciale \u2013 standardisation des contenus,<\/li>\n\n<li>absence quasi totale d&rsquo;autocritique des m\u00e9dias,<\/li>\n\n<li>d\u00e9fiance croissante et g\u00e9n\u00e9ralis\u00e9e du lectorat et des spectateurs \u00e0 l&rsquo;\u00e9gard des m\u00e9dias dominants,<\/li>\n\n<li>d\u00e9sint\u00e9r\u00eat et d\u00e9sengagement du citoyen vis \u00e0 vis de la gestion de la chose publique<br \/>Mission<br \/>A la suite de ce constat, l&rsquo;association AIIM, participant d&rsquo;une \u00e9volution des consciences vers la n\u00e9cessit\u00e9 de r\u00e9affirmer et restaurer les valeurs de libert\u00e9, d&rsquo;\u00e9galit\u00e9 et de fraternit\u00e9, sachant la place essentielle d&rsquo;une information libre et pluraliste dans la formation du jugement, s&rsquo;est donn\u00e9e pour t\u00e2che premi\u00e8re d&rsquo;impulser et d&rsquo;encourager de nouvelles mani\u00e8res d&rsquo;informer et de d\u00e9battre &#8211; Celles-ci correspondant au besoin d&rsquo;une d\u00e9mocratie vivante dans laquelle, comme disait Paul Ricoeur, il y a \u00ab\u00a0confrontation n\u00e9cessaire des th\u00e8ses et des opinions\u00a0\u00bb.<\/li>\n<\/ul>\n\n<p style=\"font-size: 20px;\">Consciente du temps long qui nous s\u00e9pare de la g\u00e9n\u00e9ralisation souhaitable d&rsquo;une telle volont\u00e9 participative \u00e0 toute la nation, l&rsquo;association AIIM fait le choix, conform\u00e9ment \u00e0 son intitul\u00e9 et ses statuts, d&rsquo;inscrire l&rsquo;essentiel de ses actions au plan local, au plus pr\u00e8s des pr\u00e9occupations et des int\u00e9r\u00eats communs des r\u00e9sidents d&rsquo;un m\u00eame territoire.<\/p>\n\n<p style=\"font-size: 20px;\">Elle a compl\u00e9mentairement vocation \u00e0 tisser des liens avec toute autre association, se joindre \u00e0 tout collectif d&rsquo;associations poursuivant l&rsquo;une comme l&rsquo;autre des buts similaires aux siens, en vue de la v\u00e9ritable d\u00e9mocratie qu&rsquo;elle appelle de ses v\u0153ux.<\/p>\n\n<p>\u00a0<\/p>\n\t\t\t\t\t\t\t\t<\/div>\n\t\t\t\t<\/div>\n\t\t\t\t\t<\/div>\n\t\t<\/div>\n\t\t\t\t\t<\/div>\n\t\t<\/section>\n\t\t\t\t<\/div>\n\t\t<div class='watch-action'><div class='watch-position align-left'><div class='action-like'><a class='lbg-style1 like-106 jlk' href='javascript:void(0)' data-task='like' data-post_id='106' data-nonce='108cd7fbc2' rel='nofollow'><img class='wti-pixel' src='https:\/\/aiim.fr\/wp-content\/plugins\/wti-like-post\/images\/pixel.gif' title='J&#039;aime ' \/><span class='lc-106 lc'>0<\/span><\/a><\/div><div class='action-unlike'><a class='unlbg-style1 unlike-106 jlk' href='javascript:void(0)' data-task='unlike' data-post_id='106' data-nonce='108cd7fbc2' rel='nofollow'><img class='wti-pixel' src='https:\/\/aiim.fr\/wp-content\/plugins\/wti-like-post\/images\/pixel.gif' title=' J&#039;aime pas' \/><span class='unlc-106 unlc'>0<\/span><\/a><\/div> <\/div> <div class='status-106 status align-left'><\/div><\/div><div class='wti-clear'><\/div>","protected":false},"excerpt":{"rendered":"<p>Cliquez sur le dossier pour t\u00e9l\u00e9charger le bulletin d&rsquo;adh\u00e9sion 2026. Status de l&rsquo;association Chartes de<\/p>\n","protected":false},"author":1,"featured_media":0,"parent":0,"menu_order":0,"comment_status":"closed","ping_status":"closed","template":"","meta":{"footnotes":""},"class_list":["post-106","page","type-page","status-publish","hentry"],"jetpack_sharing_enabled":true,"_links":{"self":[{"href":"https:\/\/aiim.fr\/index.php?rest_route=\/wp\/v2\/pages\/106","targetHints":{"allow":["GET"]}}],"collection":[{"href":"https:\/\/aiim.fr\/index.php?rest_route=\/wp\/v2\/pages"}],"about":[{"href":"https:\/\/aiim.fr\/index.php?rest_route=\/wp\/v2\/types\/page"}],"author":[{"embeddable":true,"href":"https:\/\/aiim.fr\/index.php?rest_route=\/wp\/v2\/users\/1"}],"replies":[{"embeddable":true,"href":"https:\/\/aiim.fr\/index.php?rest_route=%2Fwp%2Fv2%2Fcomments&post=106"}],"version-history":[{"count":27,"href":"https:\/\/aiim.fr\/index.php?rest_route=\/wp\/v2\/pages\/106\/revisions"}],"predecessor-version":[{"id":2052,"href":"https:\/\/aiim.fr\/index.php?rest_route=\/wp\/v2\/pages\/106\/revisions\/2052"}],"wp:attachment":[{"href":"https:\/\/aiim.fr\/index.php?rest_route=%2Fwp%2Fv2%2Fmedia&parent=106"}],"curies":[{"name":"wp","href":"https:\/\/api.w.org\/{rel}","templated":true}]}}